{"id":237720,"date":"2024-03-28T13:00:45","date_gmt":"2024-03-28T12:00:45","guid":{"rendered":"https:\/\/motamaux.net\/?page_id=237720"},"modified":"2024-04-03T11:50:27","modified_gmt":"2024-04-03T09:50:27","slug":"mon-cercle-sacre","status":"publish","type":"page","link":"https:\/\/motamaux.net\/index.php\/savoir-faire\/mon-cercle-sacre\/","title":{"rendered":"Mon Cercle Sacr\u00e9"},"content":{"rendered":"<p>[et_pb_section fb_built=\u00a0\u00bb1&Prime; admin_label=\u00a0\u00bbFrequently Asked Questions\u00a0\u00bb _builder_version=\u00a0\u00bb4.16&Prime; _module_preset=\u00a0\u00bbdefault\u00a0\u00bb global_colors_info=\u00a0\u00bb{}\u00a0\u00bb][et_pb_row column_structure=\u00a0\u00bb3_5,2_5&Prime; _builder_version=\u00a0\u00bb4.17.4&Prime; _module_preset=\u00a0\u00bbdefault\u00a0\u00bb global_colors_info=\u00a0\u00bb{}\u00a0\u00bb][et_pb_column type=\u00a0\u00bb3_5&Prime; _builder_version=\u00a0\u00bb4.17.4&Prime; _module_preset=\u00a0\u00bbdefault\u00a0\u00bb custom_padding=\u00a0\u00bb|||\u00a0\u00bb global_colors_info=\u00a0\u00bb{}\u00a0\u00bb custom_padding__hover=\u00a0\u00bb|||\u00a0\u00bb][et_pb_text _builder_version=\u00a0\u00bb4.17.4&Prime; _module_preset=\u00a0\u00bbdefault\u00a0\u00bb text_font=\u00a0\u00bb||||||||\u00a0\u00bb text_line_height=\u00a0\u00bb2em\u00a0\u00bb header_font=\u00a0\u00bb||||||||\u00a0\u00bb header_text_color=\u00a0\u00bb#E02B20&Prime; header_2_font=\u00a0\u00bbMerriweather|700|||||||\u00a0\u00bb header_2_font_size=\u00a0\u00bb36px\u00a0\u00bb header_2_line_height=\u00a0\u00bb1.6em\u00a0\u00bb header_3_font=\u00a0\u00bbMerriweather|700|||||||\u00a0\u00bb header_3_text_color=\u00a0\u00bbgcid-72051474-7b13-4ab1-a04b-8a014b6b3244&Prime; header_3_font_size=\u00a0\u00bb18px\u00a0\u00bb header_3_line_height=\u00a0\u00bb1.8em\u00a0\u00bb text_orientation=\u00a0\u00bbcenter\u00a0\u00bb header_2_font_size_tablet=\u00a0\u00bb\u00a0\u00bb header_2_font_size_phone=\u00a0\u00bb20px\u00a0\u00bb header_2_font_size_last_edited=\u00a0\u00bbon|phone\u00a0\u00bb header_3_font_size_tablet=\u00a0\u00bb\u00a0\u00bb header_3_font_size_phone=\u00a0\u00bb14px\u00a0\u00bb header_3_font_size_last_edited=\u00a0\u00bbon|phone\u00a0\u00bb locked=\u00a0\u00bboff\u00a0\u00bb global_colors_info=\u00a0\u00bb{%22gcid-72051474-7b13-4ab1-a04b-8a014b6b3244%22:%91%22header_3_text_color%22%93}\u00a0\u00bb]<\/p>\n<h2>Mon Cercle Sacr\u00e9<\/h2>\n<h3>R\u00e9v\u00e9ler l&rsquo;essence de mon \u00eatre<\/h3>\n<p>[\/et_pb_text][et_pb_image src=\u00a0\u00bbhttp:\/\/motamaux.net\/wp-content\/uploads\/2024\/03\/mandala.png\u00a0\u00bb title_text=\u00a0\u00bbmandala\u00a0\u00bb align=\u00a0\u00bbcenter\u00a0\u00bb _builder_version=\u00a0\u00bb4.24.0&Prime; _module_preset=\u00a0\u00bbdefault\u00a0\u00bb width=\u00a0\u00bb15%\u00a0\u00bb max_width=\u00a0\u00bb15%\u00a0\u00bb module_alignment=\u00a0\u00bbcenter\u00a0\u00bb locked=\u00a0\u00bboff\u00a0\u00bb global_colors_info=\u00a0\u00bb{}\u00a0\u00bb][\/et_pb_image][et_pb_text _builder_version=\u00a0\u00bb4.17.4&Prime; _module_preset=\u00a0\u00bbdefault\u00a0\u00bb global_colors_info=\u00a0\u00bb{}\u00a0\u00bb]<\/p>\n<p style=\"text-align: center;\">Nous plongeons dans la profondeur de notre \u00eatre, explorant l&rsquo;\u00e9nergie qui nous anime et qui nous entoure.<\/p>\n<p style=\"text-align: center;\">Chacun de nous est porteur d&rsquo;une force int\u00e9rieure unique, fa\u00e7onn\u00e9e par nos exp\u00e9riences, nos \u00e9motions et nos convictions.<\/p>\n<p style=\"text-align: center;\">Cette \u00e9nergie, comme un halo vibrant, influence non seulement notre relation avec notre propre corps, mais \u00e9galement nos interactions avec le monde qui nous entoure.<\/p>\n<p style=\"text-align: center;\">Nous d\u00e9couvrons ainsi comment cet espace sacr\u00e9 en nous, lorsque nourri et affirm\u00e9, devient le fondement m\u00eame de notre bien-\u00eatre et de notre harmonie avec autrui.<\/p>\n<p style=\"text-align: center;\">\n<p style=\"text-align: center;\">\n<p>[\/et_pb_text][\/et_pb_column][et_pb_column type=\u00a0\u00bb2_5&Prime; _builder_version=\u00a0\u00bb4.17.4&Prime; _module_preset=\u00a0\u00bbdefault\u00a0\u00bb global_colors_info=\u00a0\u00bb{}\u00a0\u00bb][et_pb_image src=\u00a0\u00bbhttp:\/\/motamaux.net\/wp-content\/uploads\/2024\/03\/IMG_3759-scaled.jpg\u00a0\u00bb title_text=\u00a0\u00bbIMG_3759&Prime; _builder_version=\u00a0\u00bb4.24.0&Prime; _module_preset=\u00a0\u00bbdefault\u00a0\u00bb width=\u00a0\u00bb80%\u00a0\u00bb max_width=\u00a0\u00bb80%\u00a0\u00bb module_alignment=\u00a0\u00bbcenter\u00a0\u00bb animation_style=\u00a0\u00bbslide\u00a0\u00bb animation_duration=\u00a0\u00bb2000ms\u00a0\u00bb border_radii=\u00a0\u00bbon|62px|62px|62px|62px\u00a0\u00bb box_shadow_style=\u00a0\u00bbpreset1&Prime; global_colors_info=\u00a0\u00bb{}\u00a0\u00bb][\/et_pb_image][\/et_pb_column][\/et_pb_row][et_pb_row column_structure=\u00a0\u00bb1_2,1_2&Prime; _builder_version=\u00a0\u00bb4.16&Prime; _module_preset=\u00a0\u00bbdefault\u00a0\u00bb global_colors_info=\u00a0\u00bb{}\u00a0\u00bb][et_pb_column type=\u00a0\u00bb1_2&Prime; _builder_version=\u00a0\u00bb4.16&Prime; _module_preset=\u00a0\u00bbdefault\u00a0\u00bb custom_padding=\u00a0\u00bb|||\u00a0\u00bb global_colors_info=\u00a0\u00bb{}\u00a0\u00bb custom_padding__hover=\u00a0\u00bb|||\u00a0\u00bb][et_pb_toggle title=\u00a0\u00bbLa Cr\u00e9ation de votre Cercle Sacr\u00e9\u00a0\u00bb open_toggle_background_color=\u00a0\u00bb#ffffff\u00a0\u00bb closed_toggle_background_color=\u00a0\u00bb#ffffff\u00a0\u00bb icon_color=\u00a0\u00bb#15c39a\u00a0\u00bb open_icon_color=\u00a0\u00bb#15c39a\u00a0\u00bb _builder_version=\u00a0\u00bb4.24.0&Prime; _module_preset=\u00a0\u00bbdefault\u00a0\u00bb title_text_color=\u00a0\u00bb#000000&Prime; title_font=\u00a0\u00bb|700||on|||||\u00a0\u00bb title_font_size=\u00a0\u00bb11px\u00a0\u00bb title_letter_spacing=\u00a0\u00bb1px\u00a0\u00bb title_line_height=\u00a0\u00bb2em\u00a0\u00bb custom_padding=\u00a0\u00bb24px||24px||true\u00a0\u00bb animation_style=\u00a0\u00bbzoom\u00a0\u00bb animation_intensity_zoom=\u00a0\u00bb10%\u00a0\u00bb border_radii=\u00a0\u00bbon|10px|10px|10px|10px\u00a0\u00bb border_width_all=\u00a0\u00bb0px\u00a0\u00bb box_shadow_style=\u00a0\u00bbpreset1&Prime; box_shadow_vertical=\u00a0\u00bb10px\u00a0\u00bb box_shadow_blur=\u00a0\u00bb60px\u00a0\u00bb box_shadow_color=\u00a0\u00bbrgba(1,33,92,0.1)\u00a0\u00bb global_colors_info=\u00a0\u00bb{}\u00a0\u00bb]<\/p>\n<p>Pour prendre conscience de son existence, de sa taille, de sa vibration, je vous propose de le cr\u00e9er, en le mat\u00e9rialisant concr\u00e8tement, dans la nature, avec des v\u00e9g\u00e9taux.<\/p>\n<p>Le construire, le voir, l\u2019investir permet de le d\u00e9couvrir et de rencontrer la relation avec vous-m\u00eame. Il est le reflet de votre temple (corps) et de ce qu\u2019il porte, \u00e9mane, comment vous vous sentez \u00e0 l\u2019int\u00e9rieur, ce qui le\/vous constitue (valeurs, fondamentaux). Il montre \u00e9galement la place que vous occupez dans votre vie.<\/p>\n<p>[\/et_pb_toggle][et_pb_toggle title=\u00a0\u00bbPour qui ?\u00a0\u00bb open_toggle_background_color=\u00a0\u00bb#ffffff\u00a0\u00bb closed_toggle_background_color=\u00a0\u00bb#ffffff\u00a0\u00bb icon_color=\u00a0\u00bb#15c39a\u00a0\u00bb open_icon_color=\u00a0\u00bb#15c39a\u00a0\u00bb _builder_version=\u00a0\u00bb4.24.0&Prime; _module_preset=\u00a0\u00bbdefault\u00a0\u00bb title_text_color=\u00a0\u00bb#000000&Prime; title_font=\u00a0\u00bb|700||on|||||\u00a0\u00bb title_font_size=\u00a0\u00bb11px\u00a0\u00bb title_letter_spacing=\u00a0\u00bb1px\u00a0\u00bb title_line_height=\u00a0\u00bb2em\u00a0\u00bb custom_padding=\u00a0\u00bb24px||24px||true\u00a0\u00bb animation_style=\u00a0\u00bbzoom\u00a0\u00bb animation_intensity_zoom=\u00a0\u00bb10%\u00a0\u00bb border_radii=\u00a0\u00bbon|10px|10px|10px|10px\u00a0\u00bb border_width_all=\u00a0\u00bb0px\u00a0\u00bb box_shadow_style=\u00a0\u00bbpreset1&Prime; box_shadow_vertical=\u00a0\u00bb10px\u00a0\u00bb box_shadow_blur=\u00a0\u00bb60px\u00a0\u00bb box_shadow_color=\u00a0\u00bbrgba(1,33,92,0.1)\u00a0\u00bb global_colors_info=\u00a0\u00bb{}\u00a0\u00bb]<\/p>\n<p>Toute personne d\u00e9sirant mieux se conna\u00eetre, (re)trouver l\u2019harmonie avec son corps, consolider ses \u00e9nergies, ancrer ses fondamentaux, am\u00e9liorer ses relations<\/p>\n<p>&#8211; Couple, travail sur les projections port\u00e9es par les partenaires<\/p>\n<p>&#8211; Relation parent \/ enfant<\/p>\n<p>&#8211; Jumeaux<\/p>\n<p>&#8211; en groupe : selon une th\u00e9matique d\u00e9finie (retrouver sa dimension f\u00e9minine, relation \u00e0 l\u2019Autre, d\u00e9finir sa sp\u00e9cificit\u00e9 professionnelle, d\u00e9couvrir des parts de Soi,&#8230;)<\/p>\n<p>[\/et_pb_toggle][\/et_pb_column][et_pb_column type=\u00a0\u00bb1_2&Prime; _builder_version=\u00a0\u00bb4.16&Prime; _module_preset=\u00a0\u00bbdefault\u00a0\u00bb custom_padding=\u00a0\u00bb|||\u00a0\u00bb global_colors_info=\u00a0\u00bb{}\u00a0\u00bb custom_padding__hover=\u00a0\u00bb|||\u00a0\u00bb][et_pb_toggle title=\u00a0\u00bbLe d\u00e9roulement de la s\u00e9ance\u00a0\u00bb open_toggle_background_color=\u00a0\u00bb#ffffff\u00a0\u00bb closed_toggle_background_color=\u00a0\u00bb#ffffff\u00a0\u00bb icon_color=\u00a0\u00bb#15c39a\u00a0\u00bb open_icon_color=\u00a0\u00bb#15c39a\u00a0\u00bb _builder_version=\u00a0\u00bb4.24.0&Prime; _module_preset=\u00a0\u00bbdefault\u00a0\u00bb title_text_color=\u00a0\u00bb#000000&Prime; title_font=\u00a0\u00bb|700||on|||||\u00a0\u00bb title_font_size=\u00a0\u00bb11px\u00a0\u00bb title_letter_spacing=\u00a0\u00bb1px\u00a0\u00bb title_line_height=\u00a0\u00bb2em\u00a0\u00bb custom_padding=\u00a0\u00bb24px||24px||true\u00a0\u00bb animation_style=\u00a0\u00bbzoom\u00a0\u00bb animation_intensity_zoom=\u00a0\u00bb10%\u00a0\u00bb border_radii=\u00a0\u00bbon|10px|10px|10px|10px\u00a0\u00bb border_width_all=\u00a0\u00bb0px\u00a0\u00bb box_shadow_style=\u00a0\u00bbpreset1&Prime; box_shadow_vertical=\u00a0\u00bb10px\u00a0\u00bb box_shadow_blur=\u00a0\u00bb60px\u00a0\u00bb box_shadow_color=\u00a0\u00bbrgba(1,33,92,0.1)\u00a0\u00bb global_colors_info=\u00a0\u00bb{}\u00a0\u00bb]<\/p>\n<p>Une fois votre Cercle cr\u00e9\u00e9, je vous accompagne en 3 temps :<\/p>\n<ul>\n<li>Une fois cr\u00e9\u00e9, j\u2019\u00e9coute les diff\u00e9rentes \u00e9nergies, par une \u00e9coute subtile, \u00e9manant de votre espace Sacr\u00e9. Et je vous emm\u00e8ne \u00e0 l&rsquo;explorer, \u00e0 l\u2019investir et faire les liens avec votre histoire, celle de votre lign\u00e9e. Selon votre v\u00e9cu (de la conception \u00e0 aujourd\u2019hui), votre Cercle est plus ou moins grand, dense. Votre corps est souvent en \u00e9cho (maux, postures\u2026,) avec la fa\u00e7on dont vous occupez votre espace. Poser votre Cercle, c\u2019est regarder, comprendre, valider des mots\/ressentis qui prennent tous leurs sens<\/li>\n<li>\u00a0D\u00e8s lors, je vous accompagne pour aller \u00e0 l\u2019origine de ce que vous portez, ce qui est exprim\u00e9 par le Cercle, votre corps\/\u00e9motions\/ressentis\/mots. Par un jeu de questionnements, ressentis, qu\u00eate\u2026<\/li>\n<li>Ce mouvement am\u00e8ne \u00e0 nourrir votre Cercle en d\u00e9finissant vos Essentiels, fondamentaux. C\u2019est toute votre dimension du Sacr\u00e9 qui se pr\u00e9sente \u00e0 vous : aller \u00e0 la rencontre de QUI VOUS \u00caTES, et ce, ind\u00e9pendamment de tout syst\u00e8me de croyance, pens\u00e9es.<\/li>\n<\/ul>\n<p>[\/et_pb_toggle][\/et_pb_column][\/et_pb_row][et_pb_row _builder_version=\u00a0\u00bb4.24.0&Prime; _module_preset=\u00a0\u00bbdefault\u00a0\u00bb global_colors_info=\u00a0\u00bb{}\u00a0\u00bb][et_pb_column type=\u00a0\u00bb4_4&Prime; _builder_version=\u00a0\u00bb4.24.0&Prime; _module_preset=\u00a0\u00bbdefault\u00a0\u00bb global_colors_info=\u00a0\u00bb{}\u00a0\u00bb][et_pb_gallery gallery_ids=\u00a0\u00bb237732,237731,237730,237728&Prime; show_title_and_caption=\u00a0\u00bboff\u00a0\u00bb show_pagination=\u00a0\u00bboff\u00a0\u00bb _builder_version=\u00a0\u00bb4.24.0&Prime; _module_preset=\u00a0\u00bbdefault\u00a0\u00bb global_colors_info=\u00a0\u00bb{}\u00a0\u00bb][\/et_pb_gallery][\/et_pb_column][\/et_pb_row][\/et_pb_section][et_pb_section fb_built=\u00a0\u00bb1&Prime; prev_background_color=\u00a0\u00bb#ffffff\u00a0\u00bb next_background_color=\u00a0\u00bb#ffffff\u00a0\u00bb admin_label=\u00a0\u00bbServices\u00a0\u00bb _builder_version=\u00a0\u00bb4.24.0&Prime; _module_preset=\u00a0\u00bbdefault\u00a0\u00bb background_color=\u00a0\u00bbRGBA(255,255,255,0)\u00a0\u00bb use_background_color_gradient=\u00a0\u00bbon\u00a0\u00bb background_color_gradient_overlays_image=\u00a0\u00bbon\u00a0\u00bb background_image=\u00a0\u00bbhttp:\/\/motamaux.net\/wp-content\/uploads\/2024\/03\/IMG_6286-scaled.jpg\u00a0\u00bb parallax=\u00a0\u00bbon\u00a0\u00bb background_blend=\u00a0\u00bbhard-light\u00a0\u00bb module_alignment=\u00a0\u00bbcenter\u00a0\u00bb custom_margin=\u00a0\u00bb|||\u00a0\u00bb custom_padding=\u00a0\u00bb|0||0|false|true\u00a0\u00bb top_divider_style=\u00a0\u00bbcurve\u00a0\u00bb top_divider_height=\u00a0\u00bb46px\u00a0\u00bb bottom_divider_style=\u00a0\u00bbwave\u00a0\u00bb bottom_divider_height=\u00a0\u00bb86px\u00a0\u00bb saved_tabs=\u00a0\u00bball\u00a0\u00bb locked=\u00a0\u00bboff\u00a0\u00bb global_colors_info=\u00a0\u00bb{}\u00a0\u00bb][et_pb_row custom_padding_last_edited=\u00a0\u00bbon|phone\u00a0\u00bb _builder_version=\u00a0\u00bb4.17.4&Prime; _module_preset=\u00a0\u00bbdefault\u00a0\u00bb background_enable_image=\u00a0\u00bboff\u00a0\u00bb parallax=\u00a0\u00bbon\u00a0\u00bb width=\u00a0\u00bb100%\u00a0\u00bb max_width=\u00a0\u00bb100%\u00a0\u00bb custom_padding=\u00a0\u00bb130px|110px|89px|110px|false|true\u00a0\u00bb custom_padding_tablet=\u00a0\u00bb|90px||90px|false|true\u00a0\u00bb custom_padding_phone=\u00a0\u00bb|60px||60px||true\u00a0\u00bb use_custom_width=\u00a0\u00bbon\u00a0\u00bb width_unit=\u00a0\u00bboff\u00a0\u00bb custom_width_percent=\u00a0\u00bb100%\u00a0\u00bb locked=\u00a0\u00bboff\u00a0\u00bb global_colors_info=\u00a0\u00bb{}\u00a0\u00bb][et_pb_column type=\u00a0\u00bb4_4&Prime; _builder_version=\u00a0\u00bb4.16&Prime; _module_preset=\u00a0\u00bbdefault\u00a0\u00bb custom_padding=\u00a0\u00bb|||\u00a0\u00bb global_colors_info=\u00a0\u00bb{}\u00a0\u00bb custom_padding__hover=\u00a0\u00bb|||\u00a0\u00bb][et_pb_text _builder_version=\u00a0\u00bb4.17.4&Prime; _module_preset=\u00a0\u00bbdefault\u00a0\u00bb text_font=\u00a0\u00bb||||||||\u00a0\u00bb text_line_height=\u00a0\u00bb2em\u00a0\u00bb header_font=\u00a0\u00bb||||||||\u00a0\u00bb header_3_font=\u00a0\u00bbMerriweather|700|||||||\u00a0\u00bb header_3_font_size=\u00a0\u00bb30px\u00a0\u00bb header_3_line_height=\u00a0\u00bb1.6em\u00a0\u00bb header_4_font=\u00a0\u00bbMerriweather|700|||||||\u00a0\u00bb header_4_text_color=\u00a0\u00bb#15c39a\u00a0\u00bb header_4_line_height=\u00a0\u00bb1.8em\u00a0\u00bb background_color=\u00a0\u00bb#FFFFFF\u00a0\u00bb text_orientation=\u00a0\u00bbcenter\u00a0\u00bb max_width=\u00a0\u00bb700px\u00a0\u00bb module_alignment=\u00a0\u00bbcenter\u00a0\u00bb custom_padding=\u00a0\u00bb30px|30px|30px|30px|false|false\u00a0\u00bb header_3_font_size_tablet=\u00a0\u00bb\u00a0\u00bb header_3_font_size_phone=\u00a0\u00bb16px\u00a0\u00bb header_3_font_size_last_edited=\u00a0\u00bbon|desktop\u00a0\u00bb header_4_font_size_tablet=\u00a0\u00bb\u00a0\u00bb header_4_font_size_phone=\u00a0\u00bb14px\u00a0\u00bb header_4_font_size_last_edited=\u00a0\u00bbon|phone\u00a0\u00bb border_radii=\u00a0\u00bbon|18px|18px|18px|18px\u00a0\u00bb locked=\u00a0\u00bboff\u00a0\u00bb global_colors_info=\u00a0\u00bb{}\u00a0\u00bb]<\/p>\n<h3>Mon Cercle Sacr\u00e9<\/h3>\n<h4>R\u00e9v\u00e9ler l&rsquo;essence de mon \u00eatre<\/h4>\n<p>Nous sommes toutes\/tous porteurs(ses) d\u2019une \u00e9nergie personnelle. Celle-ci \u00e9mane selon une couleur, une tonalit\u00e9, une vibration, une qualit\u00e9 de pr\u00e9sence. Elle se colore selon notre personnalit\u00e9, nos \u00e9motions, nos croyances, notre v\u00e9cu, nos blessures.<\/p>\n<p>Elle se diffuse tout autour de nous et il appartient, \u00e0 chacune, de l\u2019identifier, de la faire \u00e9voluer, de lui donner toute sa place dans notre Vie. Elle influence grandement le rapport \u00e0 notre corps ? (Je ne comprends pas\u2026 ne serait-ce pas l\u2019expression de notre corps\/nos corps physique-\u00e9motionnel-psychologique\u2026) et la relation aux autres.<\/p>\n<p>Cet espace Sacr\u00e9, nous le portons donc en nous et autour de nous. Celui-ci doit \u00eatre suffisamment solide, ancr\u00e9, serein et valid\u00e9 pour le maintenir et \u00eatre en bonne sant\u00e9.<br \/>Lorsque ma dimension du Sacr\u00e9 est solide, je peux l\u2019incarner dans tous les espaces de ma vie, avec les autres. Celle-ci se compose de nos Essentiels, valeurs, fondamentaux.<\/p>\n<p>[\/et_pb_text][\/et_pb_column][\/et_pb_row][\/et_pb_section][et_pb_section fb_built=\u00a0\u00bb1&Prime; _builder_version=\u00a0\u00bb4.17.4&Prime; _module_preset=\u00a0\u00bbdefault\u00a0\u00bb bottom_divider_style=\u00a0\u00bbwave\u00a0\u00bb bottom_divider_color=\u00a0\u00bbgcid-72051474-7b13-4ab1-a04b-8a014b6b3244&Prime; bottom_divider_height=\u00a0\u00bb58px\u00a0\u00bb bottom_divider_repeat=\u00a0\u00bb1x\u00a0\u00bb global_colors_info=\u00a0\u00bb{%22gcid-72051474-7b13-4ab1-a04b-8a014b6b3244%22:%91%22bottom_divider_color%22%93}\u00a0\u00bb][et_pb_row _builder_version=\u00a0\u00bb4.17.4&Prime; _module_preset=\u00a0\u00bbdefault\u00a0\u00bb global_colors_info=\u00a0\u00bb{}\u00a0\u00bb][et_pb_column type=\u00a0\u00bb4_4&Prime; _builder_version=\u00a0\u00bb4.17.4&Prime; _module_preset=\u00a0\u00bbdefault\u00a0\u00bb global_colors_info=\u00a0\u00bb{}\u00a0\u00bb][et_pb_testimonial author=\u00a0\u00bbFanny D\u00a0\u00bb _builder_version=\u00a0\u00bb4.24.0&Prime; _module_preset=\u00a0\u00bbdefault\u00a0\u00bb hover_enabled=\u00a0\u00bb0&Prime; sticky_enabled=\u00a0\u00bb0&Prime;]<\/p>\n<p>Le cercle est une exp\u00e9rience \u00e9nerg\u00e9tique et humaine tr\u00e8s puissante .<br \/>Le fait d \u00eatre en ext\u00e9rieur en connexion direct avec la nature et la Terre, donne une toute autre dimension au soin .<\/p>\n<p>Julie m\u2019a accompagn\u00e9e avec beaucoup de douceur, de pr\u00e9sence tout en me laissant vivre l\u2019exp\u00e9rience \u00e0 l int\u00e9rieur de mon cercle.<\/p>\n<p>Ressentir que nous sommes bien plus large que la seule fronti\u00e8re de notre peau est fascinant .<\/p>\n<p>Le soin m\u2019a permis de comprendre et de sentir qu\u2019il y avait clairement quelque chose \u00e0 travailler sur le c\u00f4t\u00e9 gauche de mon corps.<br \/>Julie m\u2019a accompagn\u00e9e dans cette direction .<\/p>\n<p>En grand merci Julie pour tout ce que tu nous apporte. Ton intuition et ta sensibilit\u00e9 sont extraordinaires.<\/p>\n<p>Merci merci merci<\/p>\n<p>[\/et_pb_testimonial][et_pb_testimonial author=\u00a0\u00bbVirginie F.\u00a0\u00bb _builder_version=\u00a0\u00bb4.24.0&Prime; _module_preset=\u00a0\u00bbdefault\u00a0\u00bb hover_enabled=\u00a0\u00bb0&Prime; sticky_enabled=\u00a0\u00bb0&Prime;]<\/p>\n<p style=\"font-weight: 400;\">Sur le Cercle\u00a0: surprenant pour ne pas \u00ab\u00a0surr\u00e9aliste\u00a0\u00bb<br \/>Impression de se centrer sur soi, de d\u00e9couvrir des traits de notre personnalit\u00e9<br \/>Un moment l\u00e9ger, agr\u00e9able<\/p>\n<p style=\"font-weight: 400;\">Equilibrage \u00e9nerg\u00e9tique<br \/>Pendant\u00a0: pas envie de bouger, main froide, bouche en feu.<br \/>Pr\u00e9sente mais \u00e0 la fois attir\u00e9e vers l\u2019ext\u00e9rieur.<\/p>\n<p style=\"font-weight: 400;\">\u00a0La premi\u00e8re nuit a \u00e9t\u00e9 agit\u00e9e, beaucoup de r\u00eave sur ma relation avec Jean-Marc.<br \/>De moments que nous avons v\u00e9cus comme si j\u2019\u00e9tais sur le chemin.<br \/>Bouche en feu comme pendant l\u2019exp\u00e9rience.<\/p>\n<p style=\"font-weight: 400;\">Oreille sifflement fort<br \/>Envie de pleurer<br \/>Et quelques jours apr\u00e8s, impression d\u2019\u00eatre dans l\u2019observation de tout, d\u2019un d\u00e9tachement , de prendre du recul, de la l\u00e9g\u00e8ret\u00e9<\/p>\n<p><span>je te remercie pour ses exp\u00e9riences incroyables qui me transforment et m\u2019\u00e9claircissent sur ce chemin<\/span><\/p>\n<p>[\/et_pb_testimonial][et_pb_testimonial author=\u00a0\u00bbJulien F.\u00a0\u00bb _builder_version=\u00a0\u00bb4.24.0&Prime; _module_preset=\u00a0\u00bbdefault\u00a0\u00bb hover_enabled=\u00a0\u00bb0&Prime; sticky_enabled=\u00a0\u00bb0&Prime;]<\/p>\n<p style=\"font-weight: 400;\">Le cercle fut un moment intimiste et hors du temps. Intimiste parce qu\u2019il m\u2019a permis de descendre profond\u00e9ment en moi, c\u2019est un moment o\u00f9 on ne peut pas se cacher. Accompagn\u00e9 par Julie qui nous pousse avec une infinie bienveillance \u00e0 nous regarder en face, r\u00e9ellement, sinc\u00e8rement, sans jugement.<\/p>\n<p>Hors du temps, car je suis incapable de dire combien de temps j\u2019ai plong\u00e9 dans mon \u00eatre pour aller y chasser mes peurs et y reconqu\u00e9rir l\u2019amour envers moi-m\u00eame et la foi en l\u2019univers. <br \/>Ce cercle construit avec les \u00e9l\u00e9ments de la nature autour de nous (branches, pierres, feuilles, fleurs\u2026) \u00e9tait une parfaite m\u00e9taphore de mon \u00e9tat d\u2019\u00eatre de l\u2019instant.<\/p>\n<p>Le cercle est une magnifique exp\u00e9rience qui augure un nouveau d\u00e9part et dont les bienfaits se r\u00e9v\u00e8lent encore quelques mois apr\u00e8s. <br \/>Ensuite, il suffit de se laisser porter.<\/p>\n<p style=\"font-weight: 400;\">Pas \u00e9vident de \u00ab r\u00e9sumer \u00bb une telle exp\u00e9rience tant elle m\u2019a apport\u00e9. C\u2019\u00e9tait bel et bien le premier jour du reste de ma vie. Une prise de conscience apr\u00e8s la crise.<\/p>\n<p>[\/et_pb_testimonial][\/et_pb_column][\/et_pb_row][\/et_pb_section]<\/p>\n","protected":false},"excerpt":{"rendered":"<p>Mon Cercle Sacr\u00e9 R\u00e9v\u00e9ler l&rsquo;essence de mon \u00eatreNous plongeons dans la profondeur de notre \u00eatre, explorant l&rsquo;\u00e9nergie qui nous anime et qui nous entoure. Chacun de nous est porteur d&rsquo;une force int\u00e9rieure unique, fa\u00e7onn\u00e9e par nos exp\u00e9riences, nos \u00e9motions et nos convictions. Cette \u00e9nergie, comme un halo vibrant, influence non seulement notre relation avec notre [&hellip;]<\/p>\n","protected":false},"author":1,"featured_media":0,"parent":148,"menu_order":5,"comment_status":"closed","ping_status":"closed","template":"","meta":{"_et_pb_use_builder":"on","_et_pb_old_content":"<p>\u00a0<\/p>\n<h2 class=\"block-editor-rich-text__editable editor-rich-text__editable\" style=\"text-align: center;\" role=\"textbox\" contenteditable=\"true\" aria-multiline=\"true\" data-is-placeholder-visible=\"false\" aria-label=\"R\u00e9digez un titre\u2026\" aria-autocomplete=\"list\"><span style=\"color: #800000;\">Les ateliers CHAKRAS : <\/span><br \/><span style=\"color: #800000;\">un cycle pour une transformation int\u00e9rieure<\/span><\/h2>\n<p>\u00a0<\/p>\n<p>En d\u00e9couvrant vos 7 chakras principaux, lors des ateliers propos\u00e9s, vous pourrez agir sur tous les plans de votre \u00catre : physique - \u00e9motionnel - mental - spirituel.<\/p>\n<p>Cette approche holistique vous permet d'aborder naturellement vos maux du quotidien.<\/p>\n<p>Vous devenez pleinement responsables de votre sant\u00e9 physique et psychique. Vous acc\u00e9dez \u00e9galement \u00e0 votre croissance spirituelle.<\/p>\n<p>La ma\u00eetrise de votre champ \u00e9nerg\u00e9tique \u00e9l\u00e8ve votre conscience et vous permet de r\u00e9aliser vos objectifs.<\/p>\n<p>De janvier \u00e0 juillet 2020, un atelier mensuel vous est propos\u00e9.<\/p>\n<p style=\"text-align: center;\">*****<\/p>\n<h4><span style=\"color: #003366;\"><strong>Le contenu des ateliers :<\/strong><\/span><\/h4>\n<ul>\n<li><span style=\"color: #800000;\"><strong>Pr\u00e9sentation th\u00e9orique<\/strong>\u00a0de chaque chakra, de son lien avec notre corps, nos \u00e9motions<\/span><\/li>\n<li><span style=\"color: #800000;\"><strong>Connexion<\/strong> au chakra du jour avec Mantra<\/span><\/li>\n<li><span style=\"color: #800000;\"><strong>M\u00e9ditations<\/strong><\/span><\/li>\n<li><span style=\"color: #800000;\"><strong>D\u00e9couverte<\/strong> de la <strong>pierre<\/strong> correspondante<\/span><\/li>\n<li><span style=\"color: #800000;\"><strong>Mandala avec une approche olfactive<\/strong><\/span><\/li>\n<\/ul>\n<p><span style=\"color: #800000;\"><strong>Vous aurez, apr\u00e8s chaque atelier, un livret et la m\u00e9ditation guid\u00e9e du chakra.<\/strong><\/span><\/p>\n<p style=\"text-align: center;\">*****<\/p>\n<h4><span style=\"color: #003366;\"><strong>Les prochaines dates seront d\u00e9termin\u00e9es selon les mesures sanitaires :<\/strong><\/span><\/h4>\n<p><span style=\"color: #800000;\">\u00a0- <strong><span style=\"color: #ff0000;\">chakra racine<\/span><\/strong> - \" Je suis\" (ancrage \u00e0 la Terre)<\/span><\/p>\n<p><span style=\"color: #800000;\">\u00a0- <strong><span style=\"color: #ff6600;\">chakra sacr\u00e9<\/span><\/strong> - \"Je sens\" (cr\u00e9ation et plaisir)<br \/><\/span><br data-rich-text-line-break=\"true\" \/><span style=\"color: #800000;\">\u00a0- <strong><span style=\"color: #ffff00;\">chakra du plexus solaire<\/span><\/strong> - \"Je fais\" (action)<br \/><\/span><br data-rich-text-line-break=\"true\" \/><span style=\"color: #800000;\">\u00a0- <strong><span style=\"color: #99cc00;\">chakra du coeur<\/span><\/strong> - \"J'aime\" (amour de soi et des autres)<\/span><\/p>\n<p><span style=\"color: #800000;\">\u00a0- <strong><span style=\"color: #00ccff;\">chakra de la gorge<\/span><\/strong>\u00a0- \"Je parle\" (communication, \u00e9coute de soi et des autres)<br \/><\/span><br data-rich-text-line-break=\"true\" \/><span style=\"color: #800000;\">\u00a0- <strong><span style=\"color: #333399;\">chakra du 3\u00e8me oeil<\/span><\/strong>\u00a0- \"Je vois\" (intuition, 6\u00e8me sens)<br \/><\/span><br data-rich-text-line-break=\"true\" \/><span style=\"color: #800000;\">\u00a0- <strong><span style=\"color: #ce69f0;\">chakra Couronne<\/span>\u00a0<\/strong>- \"Je comprends, je sais\" (\u00e9veil spirituel, \u00e9veil \u00e0 Soi)<\/span><\/p>\n<p style=\"text-align: center;\">*****<\/p>\n<h4><span style=\"color: #800000;\"><span style=\"color: #003366;\"><strong>Tarif :<\/strong> <\/span>100 \u20ac\/atelier\u00a0 ( atelier, livret, m\u00e9ditation, pierre)<\/span><\/h4>\n<h4><span style=\"color: #003366;\"><strong>Dur\u00e9e : <\/strong><\/span><span style=\"color: #800000;\">la journ\u00e9e<\/span><\/h4>\n<p><span style=\"color: #003366;\">Chaque atelier est\u00a0 payable sur place.<\/span><\/p>\n<p><span style=\"color: #003366;\"><strong>Merci de me contacter afin de vous inscrire.<\/strong><\/span><\/p>\n<p><span style=\"color: #003366;\">Merci de tenir vos engagements pour le bon d\u00e9roulement des ateliers.<\/span><\/p>\n<p style=\"text-align: center;\">*****<\/p>\n<p>\u00a0<\/p>\n<h1 style=\"text-align: center;\"><span style=\"color: #800000;\">Les CHAKRAS<\/span><\/h1>\n<p><span style=\"color: #800000;\">Les chakras nous relient \u00e0 la source de vie.<\/span><\/p>\n<p><span style=\"color: #800000;\">En voyageant en nos chakras, nous nous ouvrons quotidiennement \u00e0 la voie du mieux-\u00eatre physique, psychologique, spirituelle.<\/span><\/p>\n<p><span style=\"color: #800000;\">Les chakras agissent sur tous les plans : physique-\u00e9motionnel-mental-spirituel. Cette approche est donc Holistique ; elle permet d'aborder naturellement nos maux du quotidien.<\/span><\/p>\n<p><span style=\"color: #800000;\">En nous ouvrant \u00e0 nos chakras, nous devenons pleinement responsables, nous prenons les reines de notre vie, de notre sant\u00e9 physique et psychique.<\/span><\/p>\n<p><span style=\"color: #800000;\"><strong data-rich-text-format-boundary=\"true\">Nous pouvons ma\u00eetriser notre propre champ \u00e9nerg\u00e9tique, cela \u00e9l\u00e8ve notre conscience et nous permet de r\u00e9aliser nos objectifs.<\/strong><\/span><\/p>\n\n<!-- wp:image {\"id\":328} -->\n<figure class=\"wp-block-image\"><img src=\"http:\/\/motamaux.net\/wp-content\/uploads\/2019\/12\/ob_485eae_chakras.jpg\" alt=\"\" class=\"wp-image-328\"\/><\/figure>\n<!-- \/wp:image -->\n\n<h2>&nbsp;<\/h2>\n<h2 style=\"text-align: center;\"><span style=\"color: #800000;\">L'Energie<\/span><\/h2>\n<p><span style=\"color: #800000;\">La pleine compr\u00e9hension de notre syst\u00e8me \u00e9nerg\u00e9tique est le premier outil pour soigner et apporter l\u2019harmonie dans tous les aspects de notre vie.<\/span><\/p>\n<p><span style=\"color: #800000;\">L\u2019\u00e9nergie circule en nous. Qu'elle soit nomm\u00e9e le CHI, le PRANA, l\u2019ESSENCE, l\u2019ENERGIE SUBTILE, nous sommes fait d\u2019<strong>ENERGIE<\/strong>, comme tout l\u2019univers.<\/span><\/p>\n<p><span style=\"color: #800000;\">Vivre avec la connaissance et la pratique des chakras, nous ouvre \u00e0 la connaissance de nous m\u00eame et du Tout.<\/span><\/p>\n<p><span style=\"color: #800000;\">Ils nous permettent de nettoyer, purifier les \u00e9nergies n\u00e9fastes, provenant de m\u00e9moires ou du monde environnant, du stress, des substances chimiques.<\/span><\/p>\n<p><span style=\"color: #800000;\">Nous pouvons transformer et propager notre \u00e9nergie en soignant ces <strong>sept principaux centre \u00e9nerg\u00e9tiques du corps<\/strong>, appel\u00e9s <strong>chakras<\/strong>.<\/span><\/p>\n\n<!-- wp:gallery {\"ids\":[330]} -->\n<figure class=\"wp-block-gallery columns-1 is-cropped\"><ul class=\"blocks-gallery-grid\"><li class=\"blocks-gallery-item\"><figure><img src=\"http:\/\/motamaux.net\/wp-content\/uploads\/2019\/12\/l\u00e9nergie-des-chakras.jpg\" alt=\"\" data-id=\"330\" data-link=\"http:\/\/motamaux.net\/?attachment_id=330\" class=\"wp-image-330\"\/><\/figure><\/li><\/ul><\/figure>\n<!-- \/wp:gallery -->\n\n<!-- wp:paragraph -->\n<p><\/p>\n<!-- \/wp:paragraph -->\n\n<!-- wp:paragraph -->\n<p>Ce que vous pouvez am\u00e9liorer dans votre vie, en harmonisant vos chakras :<\/p>\n<!-- \/wp:paragraph -->\n\n<!-- wp:list -->\n<ul><li><strong>am\u00e9liorer votre rapport \u00e0 votre corps et votre sant\u00e9<\/strong><\/li><li><strong>stabiliser votre vie financi\u00e8re, familiale, professionnelle<\/strong><\/li><li><strong>apprendre \u00e0 l\u00e2cher prise<\/strong><\/li><li><strong>retrouver confiance en vous, en la Vie<\/strong><\/li><li><strong>communiquer avec facilit\u00e9 vos \u00e9motions<\/strong><\/li><li><strong>lib\u00e9rer votre cr\u00e9ativit\u00e9<\/strong><\/li><li><strong>accepter<\/strong><\/li><li><strong>pardonner en pleine conscience<\/strong><\/li><li><strong>apprendre \u00e0 l\u00e2cher prise<\/strong><\/li><\/ul>\n<!-- \/wp:list -->","_et_gb_content_width":"","_monsterinsights_skip_tracking":false,"_monsterinsights_sitenote_active":false,"_monsterinsights_sitenote_note":"","_monsterinsights_sitenote_category":0,"footnotes":""},"_links":{"self":[{"href":"https:\/\/motamaux.net\/index.php\/wp-json\/wp\/v2\/pages\/237720"}],"collection":[{"href":"https:\/\/motamaux.net\/index.php\/wp-json\/wp\/v2\/pages"}],"about":[{"href":"https:\/\/motamaux.net\/index.php\/wp-json\/wp\/v2\/types\/page"}],"author":[{"embeddable":true,"href":"https:\/\/motamaux.net\/index.php\/wp-json\/wp\/v2\/users\/1"}],"replies":[{"embeddable":true,"href":"https:\/\/motamaux.net\/index.php\/wp-json\/wp\/v2\/comments?post=237720"}],"version-history":[{"count":12,"href":"https:\/\/motamaux.net\/index.php\/wp-json\/wp\/v2\/pages\/237720\/revisions"}],"predecessor-version":[{"id":237756,"href":"https:\/\/motamaux.net\/index.php\/wp-json\/wp\/v2\/pages\/237720\/revisions\/237756"}],"up":[{"embeddable":true,"href":"https:\/\/motamaux.net\/index.php\/wp-json\/wp\/v2\/pages\/148"}],"wp:attachment":[{"href":"https:\/\/motamaux.net\/index.php\/wp-json\/wp\/v2\/media?parent=237720"}],"curies":[{"name":"wp","href":"https:\/\/api.w.org\/{rel}","templated":true}]}}